{"id":237,"date":"2025-12-09T21:04:01","date_gmt":"2025-12-09T20:04:01","guid":{"rendered":"https:\/\/www.mustard-seed-faith.de\/wordpress\/?page_id=237"},"modified":"2026-04-17T16:05:58","modified_gmt":"2026-04-17T14:05:58","slug":"test","status":"publish","type":"page","link":"https:\/\/www.mustard-seed-faith.de\/wordpress\/test\/","title":{"rendered":"Konzerte"},"content":{"rendered":"\n<p><strong>Hier sind unsere Konzerte in den vergangenen zwei Jahren<\/strong><\/p>\n\n\n\n<figure class=\"wp-block-gallery has-nested-images columns-default is-cropped wp-block-gallery-1 is-layout-flex wp-block-gallery-is-layout-flex\">\n<figure class=\"wp-block-image size-large is-style-default\"><img fetchpriority=\"high\" decoding=\"async\" width=\"1024\" height=\"768\" data-id=\"312\" src=\"https:\/\/www.mustard-seed-faith.de\/wordpress\/wp-content\/uploads\/2025\/12\/WhatsApp-Image-2025-12-21-at-12.30.44-1024x768.jpeg\" alt=\"\" class=\"wp-image-312\" srcset=\"https:\/\/www.mustard-seed-faith.de\/wordpress\/wp-content\/uploads\/2025\/12\/WhatsApp-Image-2025-12-21-at-12.30.44-1024x768.jpeg 1024w, https:\/\/www.mustard-seed-faith.de\/wordpress\/wp-content\/uploads\/2025\/12\/WhatsApp-Image-2025-12-21-at-12.30.44-300x225.jpeg 300w, https:\/\/www.mustard-seed-faith.de\/wordpress\/wp-content\/uploads\/2025\/12\/WhatsApp-Image-2025-12-21-at-12.30.44-768x576.jpeg 768w, https:\/\/www.mustard-seed-faith.de\/wordpress\/wp-content\/uploads\/2025\/12\/WhatsApp-Image-2025-12-21-at-12.30.44-1536x1152.jpeg 1536w, https:\/\/www.mustard-seed-faith.de\/wordpress\/wp-content\/uploads\/2025\/12\/WhatsApp-Image-2025-12-21-at-12.30.44.jpeg 1947w\" sizes=\"(max-width: 1024px) 100vw, 1024px\" \/><\/figure>\n\n\n\n<figure class=\"wp-block-image size-large\"><img decoding=\"async\" width=\"1024\" height=\"675\" data-id=\"313\" src=\"https:\/\/www.mustard-seed-faith.de\/wordpress\/wp-content\/uploads\/2025\/12\/WhatsApp-Image-2025-12-21-at-13.29.46-1024x675.jpeg\" alt=\"\" class=\"wp-image-313\" srcset=\"https:\/\/www.mustard-seed-faith.de\/wordpress\/wp-content\/uploads\/2025\/12\/WhatsApp-Image-2025-12-21-at-13.29.46-1024x675.jpeg 1024w, https:\/\/www.mustard-seed-faith.de\/wordpress\/wp-content\/uploads\/2025\/12\/WhatsApp-Image-2025-12-21-at-13.29.46-300x198.jpeg 300w, https:\/\/www.mustard-seed-faith.de\/wordpress\/wp-content\/uploads\/2025\/12\/WhatsApp-Image-2025-12-21-at-13.29.46-768x506.jpeg 768w, https:\/\/www.mustard-seed-faith.de\/wordpress\/wp-content\/uploads\/2025\/12\/WhatsApp-Image-2025-12-21-at-13.29.46-1536x1013.jpeg 1536w, https:\/\/www.mustard-seed-faith.de\/wordpress\/wp-content\/uploads\/2025\/12\/WhatsApp-Image-2025-12-21-at-13.29.46.jpeg 1853w\" sizes=\"(max-width: 1024px) 100vw, 1024px\" \/><\/figure>\n\n\n\n<figure class=\"wp-block-image size-large\"><img decoding=\"async\" width=\"739\" height=\"323\" data-id=\"326\" src=\"https:\/\/www.mustard-seed-faith.de\/wordpress\/wp-content\/uploads\/2025\/12\/MSF-Buehne.jpg\" alt=\"\" class=\"wp-image-326\" srcset=\"https:\/\/www.mustard-seed-faith.de\/wordpress\/wp-content\/uploads\/2025\/12\/MSF-Buehne.jpg 739w, https:\/\/www.mustard-seed-faith.de\/wordpress\/wp-content\/uploads\/2025\/12\/MSF-Buehne-300x131.jpg 300w\" sizes=\"(max-width: 739px) 100vw, 739px\" \/><\/figure>\n<\/figure>\n\n\n\n<p><strong><mark style=\"background-color:rgba(0, 0, 0, 0);color:#cf2e2e\" class=\"has-inline-color\">21. Dezember 2025: Mustard Seed Faith rockt den Tivoli beim Aachener Weihnachtssingen unter dem Motto &#8222;You\u00b4ll never sing aleng!&#8220;<\/mark><\/strong><br>Die Seeds gaben ihr Deb\u00fct auf dem diesj\u00e4hrigen Weihnachtssingen auf dem Aachener Tivoli und es erklang ein &#8222;Emmaunel!&#8220; zwischen den Trib\u00fcnen. G\u00e4nsehaut pur! Emmanuel, we worship you!<\/p>\n\n\n\n<figure class=\"wp-block-image size-large is-resized\"><img loading=\"lazy\" decoding=\"async\" width=\"1024\" height=\"682\" src=\"https:\/\/www.mustard-seed-faith.de\/wordpress\/wp-content\/uploads\/2025\/12\/HP-2-1024x682.jpg\" alt=\"\" class=\"wp-image-292\" style=\"width:677px;height:auto\" srcset=\"https:\/\/www.mustard-seed-faith.de\/wordpress\/wp-content\/uploads\/2025\/12\/HP-2-1024x682.jpg 1024w, https:\/\/www.mustard-seed-faith.de\/wordpress\/wp-content\/uploads\/2025\/12\/HP-2-300x200.jpg 300w, https:\/\/www.mustard-seed-faith.de\/wordpress\/wp-content\/uploads\/2025\/12\/HP-2-768x511.jpg 768w, https:\/\/www.mustard-seed-faith.de\/wordpress\/wp-content\/uploads\/2025\/12\/HP-2-1536x1022.jpg 1536w, https:\/\/www.mustard-seed-faith.de\/wordpress\/wp-content\/uploads\/2025\/12\/HP-2.jpg 1600w\" sizes=\"(max-width: 1024px) 100vw, 1024px\" \/><\/figure>\n\n\n\n<p><strong><mark style=\"background-color:rgba(0, 0, 0, 0);color:#cf2e2e\" class=\"has-inline-color\">13. Dezember 2025: Singen auf dem Aachener Weihnachtsmarkt f\u00fcr das WDR 2 Weihnachtswunder<\/mark><\/strong><br>Das WDR 2 Weihnachtswunder kam 2025 aus Essen. F\u00fcnf Tage lang sendete WDR 2 aus dem Glashaus neben dem Essener Dom.<br>Ein Teil des Chores unterst\u00fctzte dieses Mega-Projekt gegen den Hunger in der Welt stimmgewaltig auf dem Aachener Weihnachtsmarkt und konnte 955 \u20ac an das Weihnachtswunder \u00fcberweisen!<br><\/p>\n\n\n\n<figure class=\"wp-block-image size-large is-resized\"><img loading=\"lazy\" decoding=\"async\" width=\"1024\" height=\"768\" src=\"https:\/\/www.mustard-seed-faith.de\/wordpress\/wp-content\/uploads\/2025\/12\/2025NOK11-1024x768.jpeg\" alt=\"\" class=\"wp-image-248\" style=\"width:680px;height:auto\" srcset=\"https:\/\/www.mustard-seed-faith.de\/wordpress\/wp-content\/uploads\/2025\/12\/2025NOK11-1024x768.jpeg 1024w, https:\/\/www.mustard-seed-faith.de\/wordpress\/wp-content\/uploads\/2025\/12\/2025NOK11-300x225.jpeg 300w, https:\/\/www.mustard-seed-faith.de\/wordpress\/wp-content\/uploads\/2025\/12\/2025NOK11-768x576.jpeg 768w, https:\/\/www.mustard-seed-faith.de\/wordpress\/wp-content\/uploads\/2025\/12\/2025NOK11-1536x1152.jpeg 1536w, https:\/\/www.mustard-seed-faith.de\/wordpress\/wp-content\/uploads\/2025\/12\/2025NOK11.jpeg 2048w\" sizes=\"(max-width: 1024px) 100vw, 1024px\" \/><\/figure>\n\n\n\n<p><strong><mark style=\"background-color:rgba(0, 0, 0, 0);color:#cf2e2e\" class=\"has-inline-color\">10. Oktober 2025: &#8222;Nacht der offenen Kirchen&#8220; in der Genezareth-Kirche in Aachen <\/mark><\/strong><br>Mustard Seed Faith meets Amy Frega. <br>Mit der Solistin Amy Frega verzauberten die Seeds ihre Zuh\u00f6rerschaft mit vielen ihrer bekannten St\u00fccke.<br><\/p>\n\n\n\n<figure class=\"wp-block-image size-large is-resized\"><img loading=\"lazy\" decoding=\"async\" width=\"1024\" height=\"768\" src=\"https:\/\/www.mustard-seed-faith.de\/wordpress\/wp-content\/uploads\/2025\/12\/2025_NBH02-1024x768.jpeg\" alt=\"\" class=\"wp-image-255\" style=\"width:679px;height:auto\" srcset=\"https:\/\/www.mustard-seed-faith.de\/wordpress\/wp-content\/uploads\/2025\/12\/2025_NBH02-1024x768.jpeg 1024w, https:\/\/www.mustard-seed-faith.de\/wordpress\/wp-content\/uploads\/2025\/12\/2025_NBH02-300x225.jpeg 300w, https:\/\/www.mustard-seed-faith.de\/wordpress\/wp-content\/uploads\/2025\/12\/2025_NBH02-768x576.jpeg 768w, https:\/\/www.mustard-seed-faith.de\/wordpress\/wp-content\/uploads\/2025\/12\/2025_NBH02-1536x1152.jpeg 1536w, https:\/\/www.mustard-seed-faith.de\/wordpress\/wp-content\/uploads\/2025\/12\/2025_NBH02.jpeg 2048w\" sizes=\"(max-width: 1024px) 100vw, 1024px\" \/><\/figure>\n\n\n\n<p><strong><mark style=\"background-color:rgba(0, 0, 0, 0);color:#cf2e2e\" class=\"has-inline-color\">07. September 2025: &#8222;Sommerfest im Neil Breuning Haus&#8220; in Herzogenrath<\/mark><\/strong><br>Bei bestem Wetter und in entspannter Atmosph\u00e4re pr\u00e4sentierten die Seeds ihre sch\u00f6nsten Gospels unter freiem Himmel.<br><\/p>\n\n\n\n<figure class=\"wp-block-image size-large is-resized\"><img loading=\"lazy\" decoding=\"async\" width=\"1024\" height=\"709\" src=\"https:\/\/www.mustard-seed-faith.de\/wordpress\/wp-content\/uploads\/2025\/12\/Chorbiennale-1-1024x709.jpg\" alt=\"\" class=\"wp-image-269\" style=\"width:680px;height:auto\" srcset=\"https:\/\/www.mustard-seed-faith.de\/wordpress\/wp-content\/uploads\/2025\/12\/Chorbiennale-1-1024x709.jpg 1024w, https:\/\/www.mustard-seed-faith.de\/wordpress\/wp-content\/uploads\/2025\/12\/Chorbiennale-1-300x208.jpg 300w, https:\/\/www.mustard-seed-faith.de\/wordpress\/wp-content\/uploads\/2025\/12\/Chorbiennale-1-768x532.jpg 768w, https:\/\/www.mustard-seed-faith.de\/wordpress\/wp-content\/uploads\/2025\/12\/Chorbiennale-1-1536x1064.jpg 1536w, https:\/\/www.mustard-seed-faith.de\/wordpress\/wp-content\/uploads\/2025\/12\/Chorbiennale-1.jpg 1600w\" sizes=\"(max-width: 1024px) 100vw, 1024px\" \/><\/figure>\n\n\n\n<p><strong><mark style=\"background-color:rgba(0, 0, 0, 0);color:#cf2e2e\" class=\"has-inline-color\">22. Juni 2025: &#8222;Internationale Chorbiennale&#8220; Lange Nacht der Ch\u00f6re, Kr\u00f6nungssaal im Rathaus zu Aachen<\/mark><\/strong><br>Bei sommerlich hei\u00dfen Temperaturen gaben die Seeds alles und brachten den Kr\u00f6nungssaal zum Kochen.<br><\/p>\n\n\n\n<figure class=\"wp-block-image size-large is-resized\"><img loading=\"lazy\" decoding=\"async\" width=\"768\" height=\"1024\" src=\"https:\/\/www.mustard-seed-faith.de\/wordpress\/wp-content\/uploads\/2025\/12\/WP-1-768x1024.jpg\" alt=\"\" class=\"wp-image-272\" style=\"width:685px;height:auto\" srcset=\"https:\/\/www.mustard-seed-faith.de\/wordpress\/wp-content\/uploads\/2025\/12\/WP-1-768x1024.jpg 768w, https:\/\/www.mustard-seed-faith.de\/wordpress\/wp-content\/uploads\/2025\/12\/WP-1-225x300.jpg 225w, https:\/\/www.mustard-seed-faith.de\/wordpress\/wp-content\/uploads\/2025\/12\/WP-1-1152x1536.jpg 1152w, https:\/\/www.mustard-seed-faith.de\/wordpress\/wp-content\/uploads\/2025\/12\/WP-1.jpg 1200w\" sizes=\"(max-width: 768px) 100vw, 768px\" \/><\/figure>\n\n\n\n<p><strong><mark style=\"background-color:rgba(0, 0, 0, 0);color:#cf2e2e\" class=\"has-inline-color\">5. April 2025: &#8222;Gro\u00dfes Benefizkonzert&#8220; zu Gunsten des Little Home e.V., St. Foillan Aachen<\/mark><\/strong><br>Die Seeds setzen ihre Stimmen immer wieder ein, um auf soziale Projekte aufmerksam zu machen. Bei diesem Benefizkonzert unter der Schirmherrschaft von Aachens B\u00fcrgermeisterin Hilde Scheidt wurde f\u00fcr den Verein &#8222;Little Home&#8220; gesungen. Die Seeds waren \u00fcbergl\u00fccklich, dass p\u00fcnktlich zum Konzert ein \u201eLittle Home\u201d auf dem M\u00fcnsterplatz besichtigt werden konnte. Sven L\u00fcdecke, der Gr\u00fcnder des Vereins, hatte dies mit tatkr\u00e4ftiger Unterst\u00fctzung m\u00f6glich gemacht. Mehr \u00fcber den Verein: <a href=\"https:\/\/www.little-home.eu\/\">https:\/\/www.little-home.eu\/<\/a><br><\/p>\n\n\n\n<figure class=\"wp-block-image size-large is-resized\"><img loading=\"lazy\" decoding=\"async\" width=\"1024\" height=\"559\" src=\"https:\/\/www.mustard-seed-faith.de\/wordpress\/wp-content\/uploads\/2025\/12\/HP-1024x559.jpg\" alt=\"\" class=\"wp-image-278\" style=\"width:684px;height:auto\" srcset=\"https:\/\/www.mustard-seed-faith.de\/wordpress\/wp-content\/uploads\/2025\/12\/HP-1024x559.jpg 1024w, https:\/\/www.mustard-seed-faith.de\/wordpress\/wp-content\/uploads\/2025\/12\/HP-300x164.jpg 300w, https:\/\/www.mustard-seed-faith.de\/wordpress\/wp-content\/uploads\/2025\/12\/HP-768x419.jpg 768w, https:\/\/www.mustard-seed-faith.de\/wordpress\/wp-content\/uploads\/2025\/12\/HP.jpg 1079w\" sizes=\"(max-width: 1024px) 100vw, 1024px\" \/><\/figure>\n\n\n\n<p><strong><mark style=\"background-color:rgba(0, 0, 0, 0);color:#cf2e2e\" class=\"has-inline-color\">21.-23. M\u00e4rz 2025: Chorfahrt nach Nideggen<\/mark><\/strong><br>Diesmal verschlug es die Senfk\u00f6rner in die Jugendherberge nach Nideggen in die Eifel. Es wurde viel geprobt, aber auch viel gelacht.<br><\/p>\n\n\n\n<figure class=\"wp-block-image size-large is-resized\"><img loading=\"lazy\" decoding=\"async\" width=\"1024\" height=\"682\" src=\"https:\/\/www.mustard-seed-faith.de\/wordpress\/wp-content\/uploads\/2025\/12\/HP-1-1024x682.jpg\" alt=\"\" class=\"wp-image-285\" style=\"width:692px;height:auto\" srcset=\"https:\/\/www.mustard-seed-faith.de\/wordpress\/wp-content\/uploads\/2025\/12\/HP-1-1024x682.jpg 1024w, https:\/\/www.mustard-seed-faith.de\/wordpress\/wp-content\/uploads\/2025\/12\/HP-1-300x200.jpg 300w, https:\/\/www.mustard-seed-faith.de\/wordpress\/wp-content\/uploads\/2025\/12\/HP-1-768x512.jpg 768w, https:\/\/www.mustard-seed-faith.de\/wordpress\/wp-content\/uploads\/2025\/12\/HP-1-1536x1023.jpg 1536w, https:\/\/www.mustard-seed-faith.de\/wordpress\/wp-content\/uploads\/2025\/12\/HP-1.jpg 1600w\" sizes=\"(max-width: 1024px) 100vw, 1024px\" \/><\/figure>\n\n\n\n<p><strong><mark style=\"background-color:rgba(0, 0, 0, 0);color:#cf2e2e\" class=\"has-inline-color\">15. Dezember 2024: &#8222;Weihnachtskonzert&#8220;, St. Mari\u00e4 Verk\u00fcndigung in Kohlscheid-Bank<\/mark><\/strong><br>Die Seeds verzauberten ihr Publikum mit besinnlichen, aber auch temperamentvollen Gospelst\u00fccken.<br><\/p>\n\n\n\n<figure class=\"wp-block-image size-large is-resized\"><img loading=\"lazy\" decoding=\"async\" width=\"1024\" height=\"682\" src=\"https:\/\/www.mustard-seed-faith.de\/wordpress\/wp-content\/uploads\/2025\/12\/HP-3-1024x682.jpg\" alt=\"\" class=\"wp-image-295\" style=\"width:696px;height:auto\" srcset=\"https:\/\/www.mustard-seed-faith.de\/wordpress\/wp-content\/uploads\/2025\/12\/HP-3-1024x682.jpg 1024w, https:\/\/www.mustard-seed-faith.de\/wordpress\/wp-content\/uploads\/2025\/12\/HP-3-300x200.jpg 300w, https:\/\/www.mustard-seed-faith.de\/wordpress\/wp-content\/uploads\/2025\/12\/HP-3-768x512.jpg 768w, https:\/\/www.mustard-seed-faith.de\/wordpress\/wp-content\/uploads\/2025\/12\/HP-3-1536x1023.jpg 1536w, https:\/\/www.mustard-seed-faith.de\/wordpress\/wp-content\/uploads\/2025\/12\/HP-3.jpg 1600w\" sizes=\"(max-width: 1024px) 100vw, 1024px\" \/><\/figure>\n\n\n\n<p><strong><mark style=\"background-color:rgba(0, 0, 0, 0);color:#cf2e2e\" class=\"has-inline-color\">13. September 2024: &#8222;20 Jahre Mustard Seed Faith&#8220;- Jubil\u00e4umskonzert in der Genezareth-Kirche in Aachen<\/mark><\/strong><br>Es gibt was zu feiern! 20 Jahre erfreuen die Seeds nun schon ihr Publikum mit Black Modern Gospel Music.<br><\/p>\n\n\n\n<p><\/p>\n","protected":false},"excerpt":{"rendered":"<p>Hier sind unsere Konzerte in den vergangenen zwei Jahren 21. Dezember 2025: Mustard Seed Faith rockt den Tivoli beim Aachener [&hellip;]<\/p>\n","protected":false},"author":3,"featured_media":0,"parent":0,"menu_order":0,"comment_status":"closed","ping_status":"closed","template":"","meta":{"site-sidebar-layout":"default","site-content-layout":"","ast-site-content-layout":"default","site-content-style":"default","site-sidebar-style":"default","ast-global-header-display":"","ast-banner-title-visibility":"","ast-main-header-display":"","ast-hfb-above-header-display":"","ast-hfb-below-header-display":"","ast-hfb-mobile-header-display":"","site-post-title":"","ast-breadcrumbs-content":"","ast-featured-img":"","footer-sml-layout":"","theme-transparent-header-meta":"","adv-header-id-meta":"","stick-header-meta":"","header-above-stick-meta":"","header-main-stick-meta":"","header-below-stick-meta":"","astra-migrate-meta-layouts":"default","ast-page-background-enabled":"default","ast-page-background-meta":{"desktop":{"background-color":"var(--ast-global-color-5)","background-image":"","background-repeat":"repeat","background-position":"center center","background-size":"auto","background-attachment":"scroll","background-type":"","background-media":"","overlay-type":"","overlay-color":"","overlay-opacity":"","overlay-gradient":""},"tablet":{"background-color":"","background-image":"","background-repeat":"repeat","background-position":"center center","background-size":"auto","background-attachment":"scroll","background-type":"","background-media":"","overlay-type":"","overlay-color":"","overlay-opacity":"","overlay-gradient":""},"mobile":{"background-color":"","background-image":"","background-repeat":"repeat","background-position":"center center","background-size":"auto","background-attachment":"scroll","background-type":"","background-media":"","overlay-type":"","overlay-color":"","overlay-opacity":"","overlay-gradient":""}},"ast-content-background-meta":{"desktop":{"background-color":"var(--ast-global-color-4)","background-image":"","background-repeat":"repeat","background-position":"center center","background-size":"auto","background-attachment":"scroll","background-type":"","background-media":"","overlay-type":"","overlay-color":"","overlay-opacity":"","overlay-gradient":""},"tablet":{"background-color":"var(--ast-global-color-4)","background-image":"","background-repeat":"repeat","background-position":"center center","background-size":"auto","background-attachment":"scroll","background-type":"","background-media":"","overlay-type":"","overlay-color":"","overlay-opacity":"","overlay-gradient":""},"mobile":{"background-color":"var(--ast-global-color-4)","background-image":"","background-repeat":"repeat","background-position":"center center","background-size":"auto","background-attachment":"scroll","background-type":"","background-media":"","overlay-type":"","overlay-color":"","overlay-opacity":"","overlay-gradient":""}},"footnotes":""},"class_list":["post-237","page","type-page","status-publish","hentry"],"_links":{"self":[{"href":"https:\/\/www.mustard-seed-faith.de\/wordpress\/wp-json\/wp\/v2\/pages\/237","targetHints":{"allow":["GET"]}}],"collection":[{"href":"https:\/\/www.mustard-seed-faith.de\/wordpress\/wp-json\/wp\/v2\/pages"}],"about":[{"href":"https:\/\/www.mustard-seed-faith.de\/wordpress\/wp-json\/wp\/v2\/types\/page"}],"author":[{"embeddable":true,"href":"https:\/\/www.mustard-seed-faith.de\/wordpress\/wp-json\/wp\/v2\/users\/3"}],"replies":[{"embeddable":true,"href":"https:\/\/www.mustard-seed-faith.de\/wordpress\/wp-json\/wp\/v2\/comments?post=237"}],"version-history":[{"count":36,"href":"https:\/\/www.mustard-seed-faith.de\/wordpress\/wp-json\/wp\/v2\/pages\/237\/revisions"}],"predecessor-version":[{"id":364,"href":"https:\/\/www.mustard-seed-faith.de\/wordpress\/wp-json\/wp\/v2\/pages\/237\/revisions\/364"}],"wp:attachment":[{"href":"https:\/\/www.mustard-seed-faith.de\/wordpress\/wp-json\/wp\/v2\/media?parent=237"}],"curies":[{"name":"wp","href":"https:\/\/api.w.org\/{rel}","templated":true}]}}